{"id":216,"date":"2026-03-10T15:10:33","date_gmt":"2026-03-10T14:10:33","guid":{"rendered":"https:\/\/bclara.eleves.mediamatique.ch\/wordpress\/?page_id=216"},"modified":"2026-03-12T15:50:55","modified_gmt":"2026-03-12T14:50:55","slug":"contact","status":"publish","type":"page","link":"https:\/\/bclara.eleves.mediamatique.ch\/wordpress\/contact\/","title":{"rendered":"Contact"},"content":{"rendered":"\t\t<div data-elementor-type=\"wp-page\" data-elementor-id=\"216\" class=\"elementor elementor-216\" data-elementor-post-type=\"page\">\n\t\t\t\t<div class=\"elementor-element elementor-element-bca84ad e-flex e-con-boxed e-con e-parent\" data-id=\"bca84ad\" data-element_type=\"container\" data-e-type=\"container\">\n\t\t\t\t\t<div class=\"e-con-inner\">\n\t\t\t\t<section class=\"elementor-element elementor-element-7e85c8b e-con e-atomic-element e-div-block-base e-7e85c8b-b711ae9\" data-id=\"7e85c8b\" data-element_type=\"e-div-block\" data-e-type=\"e-div-block\" data-e-type=\"e-div-block\" data-id=\"7e85c8b\">\n\t\t\t\t\t\t\t\n\t\t<img class=\"e-image-base e-bf74859-71b7dfc\" \n\t\t\t\t\tdata-interaction-id=\"bf74859\" \n\t\t\tdata-interactions=\"&#x5B;&#x5D;\"\n\t\t \n\t\t data-e-type=\"widget\" data-id=\"bf74859\"\n\t\t\t\t\t\t\t\t\tid=\"484\"\n\t\t\t\t\t\t\t\t\t\t\t\tsrc=\"https:\/\/bclara.eleves.mediamatique.ch\/wordpress\/wp-content\/uploads\/2026\/03\/contact-scaled.png\"\n\t\t\t\t\t\t\t\t\t\t\t\twidth=\"2560\"\n\t\t\t\t\t\t\t\t\t\t\t\theight=\"836\"\n\t\t\t\t\t\t\t\t\t\t\t\tsrcset=\"https:\/\/bclara.eleves.mediamatique.ch\/wordpress\/wp-content\/uploads\/2026\/03\/contact-scaled.png 2560w, https:\/\/bclara.eleves.mediamatique.ch\/wordpress\/wp-content\/uploads\/2026\/03\/contact-300x98.png 300w, https:\/\/bclara.eleves.mediamatique.ch\/wordpress\/wp-content\/uploads\/2026\/03\/contact-1024x334.png 1024w, https:\/\/bclara.eleves.mediamatique.ch\/wordpress\/wp-content\/uploads\/2026\/03\/contact-768x251.png 768w, https:\/\/bclara.eleves.mediamatique.ch\/wordpress\/wp-content\/uploads\/2026\/03\/contact-1536x501.png 1536w, https:\/\/bclara.eleves.mediamatique.ch\/wordpress\/wp-content\/uploads\/2026\/03\/contact-2048x668.png 2048w\"\n\t\t\t\t\t\t\t\t\t\t\t\talt=\"Th\u00e9\u00e2tre Cormeille musiques et chants petit\"\n\t\t\t\t\t\t\/>\n\t\t\t\t\t\t\t\t<h2 \n\t\tdata-interaction-id=\"338f7ca\" \n\t\tclass=\"e-338f7ca-ad27a02 e-heading-base\" \n\t\t \n\t\tdata-e-type=\"widget\" data-id=\"338f7ca\"\n\t\t\t>\n\t\n\t\t\tContactez-nous\n\t\t<\/h2>\n\t\t\t\t\t\t\t<h5 \n\t\tdata-interaction-id=\"ff36b0d\" \n\t\tclass=\"e-ff36b0d-ba98dd4 e-heading-base\" \n\t\t \n\t\tdata-e-type=\"widget\" data-id=\"ff36b0d\"\n\t\t\t>\n\t\n\t\t\tPour tout renseignement, conna\u00eetre les tarifs ou vous inscrire \u00e0 la rentr\u00e9e de septembre, contactez l'\u00e9cole de musique par email \u00e0 <a target=\"_blank\" href=\"mailto:ecolemusicdanse.cormeilles@gmail.com\">ecolemusicdanse.cormeilles@gmail.com<\/a> ou par t\u00e9l\u00e9phone au 06 88 54 44 25<br>ou 06 52 54 27 21.\n\t\t<\/h5>\n\t\t\t\t<\/section>\n\t\t\t\t\t<\/div>\n\t\t\t\t<\/div>\n\t\t<div class=\"elementor-element elementor-element-c8cf06b e-flex e-con-boxed e-con e-parent\" data-id=\"c8cf06b\" data-element_type=\"container\" data-e-type=\"container\">\n\t\t\t\t\t<div class=\"e-con-inner\">\n\t\t\t\t\t\n<hr class=\"e-554c624-a7f29a7 e-divider-base\" data-interaction-id=\"554c624\" data-interactions=\"&#x5B;&#x5D;\"  data-e-type=\"widget\" data-id=\"554c624\" \/>\n\t\t\t\t\t\n<hr class=\"e-3dae6ef-8f52939 e-divider-base\" data-interaction-id=\"3dae6ef\" data-interactions=\"&#x5B;&#x5D;\"  data-e-type=\"widget\" data-id=\"3dae6ef\" \/>\n\t\t\t\t\t<\/div>\n\t\t\t\t<\/div>\n\t\t<div class=\"elementor-element elementor-element-0b47359 e-flex e-con-boxed e-con e-parent\" data-id=\"0b47359\" data-element_type=\"container\" data-e-type=\"container\">\n\t\t\t\t\t<div class=\"e-con-inner\">\n\t\t<div class=\"elementor-element elementor-element-c19b511 e-con-full e-flex e-con e-child\" data-id=\"c19b511\" data-element_type=\"container\" data-e-type=\"container\" data-settings=\"{&quot;background_background&quot;:&quot;classic&quot;}\">\n\t\t\t\t\t\t\t<h2 \n\t\tdata-interaction-id=\"e1ee705\" \n\t\tclass=\"e-e1ee705-696657b e-heading-base\" \n\t\t \n\t\tdata-e-type=\"widget\" data-id=\"e1ee705\"\n\t\t\t>\n\t\n\t\t\tNotre contact\n\t\t<\/h2>\n\t\t\t\t\t\t\t<h2 \n\t\tdata-interaction-id=\"4969ab9\" \n\t\tclass=\"e-4969ab9-001acce e-heading-base\" \n\t\t \n\t\tdata-e-type=\"widget\" data-id=\"4969ab9\"\n\t\t\t>\n\t\n\t\t\tPour toute information, n'h\u00e9sitez pas \u00e0 nous contacter !\n\t\t<\/h2>\n\t\t\t\t<\/div>\n\t\t<div class=\"elementor-element elementor-element-09ddb0e e-con-full e-flex e-con e-child\" data-id=\"09ddb0e\" data-element_type=\"container\" data-e-type=\"container\">\n\t\t\t\t<div class=\"elementor-element elementor-element-93f1626 elementor-button-align-stretch elementor-widget elementor-widget-form\" data-id=\"93f1626\" data-element_type=\"widget\" data-e-type=\"widget\" data-settings=\"{&quot;step_next_label&quot;:&quot;Suivant&quot;,&quot;step_previous_label&quot;:&quot;Pr\\u00e9c\\u00e9dent&quot;,&quot;button_width&quot;:&quot;100&quot;,&quot;step_type&quot;:&quot;number_text&quot;,&quot;step_icon_shape&quot;:&quot;circle&quot;}\" data-widget_type=\"form.default\">\n\t\t\t\t\t\t\t<form class=\"elementor-form\" method=\"post\" name=\"Nouveau formulaire\" aria-label=\"Nouveau formulaire\">\n\t\t\t<input type=\"hidden\" name=\"post_id\" value=\"216\"\/>\n\t\t\t<input type=\"hidden\" name=\"form_id\" value=\"93f1626\"\/>\n\t\t\t<input type=\"hidden\" name=\"referer_title\" value=\"Contact - Exercice WordPress\" \/>\n\n\t\t\t\t\t\t\t<input type=\"hidden\" name=\"queried_id\" value=\"216\"\/>\n\t\t\t\n\t\t\t<div class=\"elementor-form-fields-wrapper elementor-labels-above\">\n\t\t\t\t\t\t\t\t<div class=\"elementor-field-type-text elementor-field-group elementor-column elementor-field-group-name elementor-col-100\">\n\t\t\t\t\t\t\t\t\t\t\t\t<label for=\"form-field-name\" class=\"elementor-field-label\">\n\t\t\t\t\t\t\t\tNom\t\t\t\t\t\t\t<\/label>\n\t\t\t\t\t\t\t\t\t\t\t\t\t\t<input size=\"1\" type=\"text\" name=\"form_fields[name]\" id=\"form-field-name\" class=\"elementor-field elementor-size-md  elementor-field-textual\" placeholder=\"Nom\">\n\t\t\t\t\t\t\t\t\t\t\t<\/div>\n\t\t\t\t\t\t\t\t<div class=\"elementor-field-type-email elementor-field-group elementor-column elementor-field-group-email elementor-col-100 elementor-field-required\">\n\t\t\t\t\t\t\t\t\t\t\t\t<label for=\"form-field-email\" class=\"elementor-field-label\">\n\t\t\t\t\t\t\t\tE-mail\t\t\t\t\t\t\t<\/label>\n\t\t\t\t\t\t\t\t\t\t\t\t\t\t<input size=\"1\" type=\"email\" name=\"form_fields[email]\" id=\"form-field-email\" class=\"elementor-field elementor-size-md  elementor-field-textual\" placeholder=\"E-mail\" required=\"required\">\n\t\t\t\t\t\t\t\t\t\t\t<\/div>\n\t\t\t\t\t\t\t\t<div class=\"elementor-field-type-textarea elementor-field-group elementor-column elementor-field-group-message elementor-col-100\">\n\t\t\t\t\t\t\t\t\t\t\t\t<label for=\"form-field-message\" class=\"elementor-field-label\">\n\t\t\t\t\t\t\t\tMessage\t\t\t\t\t\t\t<\/label>\n\t\t\t\t\t\t<textarea class=\"elementor-field-textual elementor-field  elementor-size-md\" name=\"form_fields[message]\" id=\"form-field-message\" rows=\"4\" placeholder=\"Message\"><\/textarea>\t\t\t\t<\/div>\n\t\t\t\t\t\t\t\t<div class=\"elementor-field-group elementor-column elementor-field-type-submit elementor-col-100 e-form__buttons\">\n\t\t\t\t\t<button class=\"elementor-button elementor-size-md\" type=\"submit\">\n\t\t\t\t\t\t<span class=\"elementor-button-content-wrapper\">\n\t\t\t\t\t\t\t\t\t\t\t\t\t\t\t\t\t\t\t\t\t\t<span class=\"elementor-button-text\">Envoyer<\/span>\n\t\t\t\t\t\t\t\t\t\t\t\t\t<\/span>\n\t\t\t\t\t<\/button>\n\t\t\t\t<\/div>\n\t\t\t<\/div>\n\t\t<\/form>\n\t\t\t\t\t\t<\/div>\n\t\t\t\t<\/div>\n\t\t\t\t\t<\/div>\n\t\t\t\t<\/div>\n\t\t<div class=\"elementor-element elementor-element-10def13 e-flex e-con-boxed e-con e-parent\" data-id=\"10def13\" data-element_type=\"container\" data-e-type=\"container\">\n\t\t\t\t\t<div class=\"e-con-inner\">\n\t\t\t\t<div class=\"elementor-element elementor-element-ebc0c84 elementor-widget elementor-widget-google_maps\" data-id=\"ebc0c84\" data-element_type=\"widget\" data-e-type=\"widget\" data-widget_type=\"google_maps.default\">\n\t\t\t\t\t\t\t<div class=\"elementor-custom-embed\">\n\t\t\t<iframe loading=\"lazy\"\n\t\t\t\t\tsrc=\"https:\/\/maps.google.com\/maps?q=1%20Place%20du%20Th%C3%A9%C3%A2tre%2C%2027260%20Cormeilles&#038;t=m&#038;z=9&#038;output=embed&#038;iwloc=near\"\n\t\t\t\t\ttitle=\"1 Place du Th\u00e9\u00e2tre, 27260 Cormeilles\"\n\t\t\t\t\taria-label=\"1 Place du Th\u00e9\u00e2tre, 27260 Cormeilles\"\n\t\t\t><\/iframe>\n\t\t<\/div>\n\t\t\t\t\t\t<\/div>\n\t\t\t\t\t<\/div>\n\t\t\t\t<\/div>\n\t\t\t\t<\/div>\n\t\t","protected":false},"excerpt":{"rendered":"<p>Contactez-nous Pour tout renseignement, conna\u00eetre les tarifs ou vous inscrire \u00e0 la rentr\u00e9e de septembre, contactez l&rsquo;\u00e9cole de musique par email \u00e0 ecolemusicdanse.cormeilles@gmail.com ou par t\u00e9l\u00e9phone au 06 88 54 44 25ou 06 52 54 27 21. Notre contact Pour toute information, n&rsquo;h\u00e9sitez pas \u00e0 nous contacter !<\/p>\n","protected":false},"author":1,"featured_media":0,"parent":0,"menu_order":0,"comment_status":"closed","ping_status":"closed","template":"","meta":{"footnotes":""},"class_list":["post-216","page","type-page","status-publish","hentry"],"yoast_head":"<!-- This site is optimized with the Yoast SEO plugin v27.1.1 - https:\/\/yoast.com\/product\/yoast-seo-wordpress\/ -->\n<title>Contact - Exercice Wordpress<\/title>\n<meta name=\"robots\" content=\"noindex, follow, max-snippet:-1, max-image-preview:large, max-video-preview:-1\" \/>\n<meta property=\"og:locale\" content=\"fr_FR\" \/>\n<meta property=\"og:type\" content=\"article\" \/>\n<meta property=\"og:title\" content=\"Contact - Exercice Wordpress\" \/>\n<meta property=\"og:description\" content=\"Contactez-nous Pour tout renseignement, conna\u00eetre les tarifs ou vous inscrire \u00e0 la rentr\u00e9e de septembre, contactez l&rsquo;\u00e9cole de musique par email \u00e0 ecolemusicdanse.cormeilles@gmail.com ou par t\u00e9l\u00e9phone au 06 88 54 44 25ou 06 52 54 27 21. Notre contact Pour toute information, n&rsquo;h\u00e9sitez pas \u00e0 nous contacter !\" \/>\n<meta property=\"og:url\" content=\"https:\/\/bclara.eleves.mediamatique.ch\/wordpress\/contact\/\" \/>\n<meta property=\"og:site_name\" content=\"Exercice Wordpress\" \/>\n<meta property=\"article:modified_time\" content=\"2026-03-12T14:50:55+00:00\" \/>\n<meta property=\"og:image\" content=\"https:\/\/bclara.eleves.mediamatique.ch\/wordpress\/wp-content\/uploads\/2026\/03\/contact-scaled.png\" \/>\n<meta name=\"twitter:card\" content=\"summary_large_image\" \/>\n<meta name=\"twitter:label1\" content=\"Dur\u00e9e de lecture estim\u00e9e\" \/>\n\t<meta name=\"twitter:data1\" content=\"1 minute\" \/>\n<script type=\"application\/ld+json\" class=\"yoast-schema-graph\">{\"@context\":\"https:\/\/schema.org\",\"@graph\":[{\"@type\":\"WebPage\",\"@id\":\"https:\/\/bclara.eleves.mediamatique.ch\/wordpress\/contact\/\",\"url\":\"https:\/\/bclara.eleves.mediamatique.ch\/wordpress\/contact\/\",\"name\":\"Contact - Exercice Wordpress\",\"isPartOf\":{\"@id\":\"https:\/\/bclara.eleves.mediamatique.ch\/wordpress\/#website\"},\"primaryImageOfPage\":{\"@id\":\"https:\/\/bclara.eleves.mediamatique.ch\/wordpress\/contact\/#primaryimage\"},\"image\":{\"@id\":\"https:\/\/bclara.eleves.mediamatique.ch\/wordpress\/contact\/#primaryimage\"},\"thumbnailUrl\":\"https:\/\/bclara.eleves.mediamatique.ch\/wordpress\/wp-content\/uploads\/2026\/03\/contact-scaled.png\",\"datePublished\":\"2026-03-10T14:10:33+00:00\",\"dateModified\":\"2026-03-12T14:50:55+00:00\",\"breadcrumb\":{\"@id\":\"https:\/\/bclara.eleves.mediamatique.ch\/wordpress\/contact\/#breadcrumb\"},\"inLanguage\":\"fr-FR\",\"potentialAction\":[{\"@type\":\"ReadAction\",\"target\":[\"https:\/\/bclara.eleves.mediamatique.ch\/wordpress\/contact\/\"]}]},{\"@type\":\"ImageObject\",\"inLanguage\":\"fr-FR\",\"@id\":\"https:\/\/bclara.eleves.mediamatique.ch\/wordpress\/contact\/#primaryimage\",\"url\":\"https:\/\/bclara.eleves.mediamatique.ch\/wordpress\/wp-content\/uploads\/2026\/03\/contact-scaled.png\",\"contentUrl\":\"https:\/\/bclara.eleves.mediamatique.ch\/wordpress\/wp-content\/uploads\/2026\/03\/contact-scaled.png\",\"width\":2560,\"height\":836,\"caption\":\"Th\u00e9\u00e2tre Cormeille musiques et chants image en petit\"},{\"@type\":\"BreadcrumbList\",\"@id\":\"https:\/\/bclara.eleves.mediamatique.ch\/wordpress\/contact\/#breadcrumb\",\"itemListElement\":[{\"@type\":\"ListItem\",\"position\":1,\"name\":\"Accueil\",\"item\":\"https:\/\/bclara.eleves.mediamatique.ch\/wordpress\/\"},{\"@type\":\"ListItem\",\"position\":2,\"name\":\"Contact\"}]},{\"@type\":\"WebSite\",\"@id\":\"https:\/\/bclara.eleves.mediamatique.ch\/wordpress\/#website\",\"url\":\"https:\/\/bclara.eleves.mediamatique.ch\/wordpress\/\",\"name\":\"Association Musique et danse Cormeilles\",\"description\":\"\",\"publisher\":{\"@id\":\"https:\/\/bclara.eleves.mediamatique.ch\/wordpress\/#organization\"},\"potentialAction\":[{\"@type\":\"SearchAction\",\"target\":{\"@type\":\"EntryPoint\",\"urlTemplate\":\"https:\/\/bclara.eleves.mediamatique.ch\/wordpress\/?s={search_term_string}\"},\"query-input\":{\"@type\":\"PropertyValueSpecification\",\"valueRequired\":true,\"valueName\":\"search_term_string\"}}],\"inLanguage\":\"fr-FR\"},{\"@type\":\"Organization\",\"@id\":\"https:\/\/bclara.eleves.mediamatique.ch\/wordpress\/#organization\",\"name\":\"Association Musique et danse Cormeilles\",\"url\":\"https:\/\/bclara.eleves.mediamatique.ch\/wordpress\/\",\"logo\":{\"@type\":\"ImageObject\",\"inLanguage\":\"fr-FR\",\"@id\":\"https:\/\/bclara.eleves.mediamatique.ch\/wordpress\/#\/schema\/logo\/image\/\",\"url\":\"https:\/\/bclara.eleves.mediamatique.ch\/wordpress\/wp-content\/uploads\/2026\/03\/logo-Cormeilles-couleurs-13.png\",\"contentUrl\":\"https:\/\/bclara.eleves.mediamatique.ch\/wordpress\/wp-content\/uploads\/2026\/03\/logo-Cormeilles-couleurs-13.png\",\"width\":1712,\"height\":1912,\"caption\":\"Association Musique et danse Cormeilles\"},\"image\":{\"@id\":\"https:\/\/bclara.eleves.mediamatique.ch\/wordpress\/#\/schema\/logo\/image\/\"}}]}<\/script>\n<!-- \/ Yoast SEO plugin. -->","yoast_head_json":{"title":"Contact - Exercice Wordpress","robots":{"index":"noindex","follow":"follow","max-snippet":"max-snippet:-1","max-image-preview":"max-image-preview:large","max-video-preview":"max-video-preview:-1"},"og_locale":"fr_FR","og_type":"article","og_title":"Contact - Exercice Wordpress","og_description":"Contactez-nous Pour tout renseignement, conna\u00eetre les tarifs ou vous inscrire \u00e0 la rentr\u00e9e de septembre, contactez l&rsquo;\u00e9cole de musique par email \u00e0 ecolemusicdanse.cormeilles@gmail.com ou par t\u00e9l\u00e9phone au 06 88 54 44 25ou 06 52 54 27 21. Notre contact Pour toute information, n&rsquo;h\u00e9sitez pas \u00e0 nous contacter !","og_url":"https:\/\/bclara.eleves.mediamatique.ch\/wordpress\/contact\/","og_site_name":"Exercice Wordpress","article_modified_time":"2026-03-12T14:50:55+00:00","og_image":[{"url":"https:\/\/bclara.eleves.mediamatique.ch\/wordpress\/wp-content\/uploads\/2026\/03\/contact-scaled.png","type":"","width":"","height":""}],"twitter_card":"summary_large_image","twitter_misc":{"Dur\u00e9e de lecture estim\u00e9e":"1 minute"},"schema":{"@context":"https:\/\/schema.org","@graph":[{"@type":"WebPage","@id":"https:\/\/bclara.eleves.mediamatique.ch\/wordpress\/contact\/","url":"https:\/\/bclara.eleves.mediamatique.ch\/wordpress\/contact\/","name":"Contact - Exercice Wordpress","isPartOf":{"@id":"https:\/\/bclara.eleves.mediamatique.ch\/wordpress\/#website"},"primaryImageOfPage":{"@id":"https:\/\/bclara.eleves.mediamatique.ch\/wordpress\/contact\/#primaryimage"},"image":{"@id":"https:\/\/bclara.eleves.mediamatique.ch\/wordpress\/contact\/#primaryimage"},"thumbnailUrl":"https:\/\/bclara.eleves.mediamatique.ch\/wordpress\/wp-content\/uploads\/2026\/03\/contact-scaled.png","datePublished":"2026-03-10T14:10:33+00:00","dateModified":"2026-03-12T14:50:55+00:00","breadcrumb":{"@id":"https:\/\/bclara.eleves.mediamatique.ch\/wordpress\/contact\/#breadcrumb"},"inLanguage":"fr-FR","potentialAction":[{"@type":"ReadAction","target":["https:\/\/bclara.eleves.mediamatique.ch\/wordpress\/contact\/"]}]},{"@type":"ImageObject","inLanguage":"fr-FR","@id":"https:\/\/bclara.eleves.mediamatique.ch\/wordpress\/contact\/#primaryimage","url":"https:\/\/bclara.eleves.mediamatique.ch\/wordpress\/wp-content\/uploads\/2026\/03\/contact-scaled.png","contentUrl":"https:\/\/bclara.eleves.mediamatique.ch\/wordpress\/wp-content\/uploads\/2026\/03\/contact-scaled.png","width":2560,"height":836,"caption":"Th\u00e9\u00e2tre Cormeille musiques et chants image en petit"},{"@type":"BreadcrumbList","@id":"https:\/\/bclara.eleves.mediamatique.ch\/wordpress\/contact\/#breadcrumb","itemListElement":[{"@type":"ListItem","position":1,"name":"Accueil","item":"https:\/\/bclara.eleves.mediamatique.ch\/wordpress\/"},{"@type":"ListItem","position":2,"name":"Contact"}]},{"@type":"WebSite","@id":"https:\/\/bclara.eleves.mediamatique.ch\/wordpress\/#website","url":"https:\/\/bclara.eleves.mediamatique.ch\/wordpress\/","name":"Association Musique et danse Cormeilles","description":"","publisher":{"@id":"https:\/\/bclara.eleves.mediamatique.ch\/wordpress\/#organization"},"potentialAction":[{"@type":"SearchAction","target":{"@type":"EntryPoint","urlTemplate":"https:\/\/bclara.eleves.mediamatique.ch\/wordpress\/?s={search_term_string}"},"query-input":{"@type":"PropertyValueSpecification","valueRequired":true,"valueName":"search_term_string"}}],"inLanguage":"fr-FR"},{"@type":"Organization","@id":"https:\/\/bclara.eleves.mediamatique.ch\/wordpress\/#organization","name":"Association Musique et danse Cormeilles","url":"https:\/\/bclara.eleves.mediamatique.ch\/wordpress\/","logo":{"@type":"ImageObject","inLanguage":"fr-FR","@id":"https:\/\/bclara.eleves.mediamatique.ch\/wordpress\/#\/schema\/logo\/image\/","url":"https:\/\/bclara.eleves.mediamatique.ch\/wordpress\/wp-content\/uploads\/2026\/03\/logo-Cormeilles-couleurs-13.png","contentUrl":"https:\/\/bclara.eleves.mediamatique.ch\/wordpress\/wp-content\/uploads\/2026\/03\/logo-Cormeilles-couleurs-13.png","width":1712,"height":1912,"caption":"Association Musique et danse Cormeilles"},"image":{"@id":"https:\/\/bclara.eleves.mediamatique.ch\/wordpress\/#\/schema\/logo\/image\/"}}]}},"_links":{"self":[{"href":"https:\/\/bclara.eleves.mediamatique.ch\/wordpress\/wp-json\/wp\/v2\/pages\/216","targetHints":{"allow":["GET"]}}],"collection":[{"href":"https:\/\/bclara.eleves.mediamatique.ch\/wordpress\/wp-json\/wp\/v2\/pages"}],"about":[{"href":"https:\/\/bclara.eleves.mediamatique.ch\/wordpress\/wp-json\/wp\/v2\/types\/page"}],"author":[{"embeddable":true,"href":"https:\/\/bclara.eleves.mediamatique.ch\/wordpress\/wp-json\/wp\/v2\/users\/1"}],"replies":[{"embeddable":true,"href":"https:\/\/bclara.eleves.mediamatique.ch\/wordpress\/wp-json\/wp\/v2\/comments?post=216"}],"version-history":[{"count":214,"href":"https:\/\/bclara.eleves.mediamatique.ch\/wordpress\/wp-json\/wp\/v2\/pages\/216\/revisions"}],"predecessor-version":[{"id":931,"href":"https:\/\/bclara.eleves.mediamatique.ch\/wordpress\/wp-json\/wp\/v2\/pages\/216\/revisions\/931"}],"wp:attachment":[{"href":"https:\/\/bclara.eleves.mediamatique.ch\/wordpress\/wp-json\/wp\/v2\/media?parent=216"}],"curies":[{"name":"wp","href":"https:\/\/api.w.org\/{rel}","templated":true}]}}